{"id":364,"date":"2017-07-13T13:23:40","date_gmt":"2017-07-13T11:23:40","guid":{"rendered":"https:\/\/maquette.mosquee-angers.fr\/?post_type=cpt_services&#038;p=364"},"modified":"2022-02-07T12:18:55","modified_gmt":"2022-02-07T11:18:55","slug":"un-service","status":"publish","type":"cpt_services","link":"https:\/\/mosquee-angers.fr\/ar\/services\/un-service\/","title":{"rendered":"La pri\u00e8re"},"content":{"rendered":"<div class=\"wpb-content-wrapper\"><p>[vc_row][vc_column][vc_column_text]<\/p>\n<p>Les pri\u00e8res quotidiennes sont au nombre de 5 en Islam. Elles ont lieu durant les diff\u00e9rents moments de la journ\u00e9e\u00a0: \u00e0 l\u2019aube (<em>Fajr<\/em>), lorsque le soleil est au z\u00e9nith (<em>Dhuhr<\/em>), au milieu de l\u2019apr\u00e8s-midi (<em>\u2018Asr<\/em>), juste apr\u00e8s le couch\u00e9 du soleil (<em>Maghreb<\/em>), et durant la nuit (<em>\u2018Isha<\/em>).\u00a0 Le croyant doit s\u2019\u00eatre pr\u00e9alablement purifi\u00e9 avec les ablutions, et elles doivent \u00eatre accomplies en direction de la Mecque. Les pri\u00e8res repr\u00e9sentent un moment ou les croyants sont en connexion et communiquent avec leur seigneur.<\/p>\n<p>[\/vc_column_text][\/vc_column][\/vc_row]<\/p>\n<\/div>","protected":false},"excerpt":{"rendered":"<p>\u00catre au service des <br \/>autres est le devoir de <br \/> tout musulman<\/p>\n","protected":false},"author":1,"featured_media":0,"comment_status":"open","ping_status":"closed","template":"","class_list":["post-364","cpt_services","type-cpt_services","status-publish","hentry","cpt_services_group-philosophie"],"yoast_head":"<!-- This site is optimized with the Yoast SEO plugin v27.5 - https:\/\/yoast.com\/product\/yoast-seo-wordpress\/ -->\n<title>La pri\u00e8re - Grande Mosqu\u00e9e d&#039;Angers<\/title>\n<meta name=\"robots\" content=\"index, follow, max-snippet:-1, max-image-preview:large, max-video-preview:-1\" \/>\n<link rel=\"canonical\" href=\"https:\/\/mosquee-angers.fr\/ar\/services\/un-service\/\" \/>\n<meta property=\"og:locale\" content=\"ar_AR\" \/>\n<meta property=\"og:type\" content=\"article\" \/>\n<meta property=\"og:title\" content=\"La pri\u00e8re - Grande Mosqu\u00e9e d&#039;Angers\" \/>\n<meta property=\"og:description\" content=\"\u00catre au service des autres est le devoir de tout musulman\" \/>\n<meta property=\"og:url\" content=\"https:\/\/mosquee-angers.fr\/ar\/services\/un-service\/\" \/>\n<meta property=\"og:site_name\" content=\"Grande Mosqu\u00e9e d&#039;Angers\" \/>\n<meta property=\"article:publisher\" content=\"https:\/\/www.facebook.com\/MosqueeAngersAbouBakrEssediK\/\" \/>\n<meta property=\"article:modified_time\" content=\"2022-02-07T11:18:55+00:00\" \/>\n<meta property=\"og:image\" content=\"https:\/\/mosquee-angers.fr\/wp-content\/uploads\/2023\/01\/new-Logo-Grande-mosquee-angers.png\" \/>\n\t<meta property=\"og:image:width\" content=\"228\" \/>\n\t<meta property=\"og:image:height\" content=\"446\" \/>\n\t<meta property=\"og:image:type\" content=\"image\/png\" \/>\n<meta name=\"twitter:card\" content=\"summary_large_image\" \/>\n<meta name=\"twitter:label1\" content=\"\u0648\u0642\u062a \u0627\u0644\u0642\u0631\u0627\u0621\u0629 \u0627\u0644\u0645\u064f\u0642\u062f\u0651\u0631\" \/>\n\t<meta name=\"twitter:data1\" content=\"1 \u062f\u0642\u064a\u0642\u0629\" \/>\n<script type=\"application\/ld+json\" class=\"yoast-schema-graph\">{\"@context\":\"https:\\\/\\\/schema.org\",\"@graph\":[{\"@type\":\"WebPage\",\"@id\":\"https:\\\/\\\/mosquee-angers.fr\\\/ar\\\/services\\\/un-service\\\/\",\"url\":\"https:\\\/\\\/mosquee-angers.fr\\\/ar\\\/services\\\/un-service\\\/\",\"name\":\"La pri\u00e8re - Grande Mosqu\u00e9e d&#039;Angers\",\"isPartOf\":{\"@id\":\"https:\\\/\\\/mosquee-angers.fr\\\/ar\\\/#website\"},\"datePublished\":\"2017-07-13T11:23:40+00:00\",\"dateModified\":\"2022-02-07T11:18:55+00:00\",\"breadcrumb\":{\"@id\":\"https:\\\/\\\/mosquee-angers.fr\\\/ar\\\/services\\\/un-service\\\/#breadcrumb\"},\"inLanguage\":\"ar\",\"potentialAction\":[{\"@type\":\"ReadAction\",\"target\":[\"https:\\\/\\\/mosquee-angers.fr\\\/ar\\\/services\\\/un-service\\\/\"]}]},{\"@type\":\"BreadcrumbList\",\"@id\":\"https:\\\/\\\/mosquee-angers.fr\\\/ar\\\/services\\\/un-service\\\/#breadcrumb\",\"itemListElement\":[{\"@type\":\"ListItem\",\"position\":1,\"name\":\"Accueil\",\"item\":\"https:\\\/\\\/mosquee-angers.fr\\\/ar\\\/\"},{\"@type\":\"ListItem\",\"position\":2,\"name\":\"Services\",\"item\":\"https:\\\/\\\/mosquee-angers.fr\\\/ar\\\/services\\\/\"},{\"@type\":\"ListItem\",\"position\":3,\"name\":\"La pri\u00e8re\"}]},{\"@type\":\"WebSite\",\"@id\":\"https:\\\/\\\/mosquee-angers.fr\\\/ar\\\/#website\",\"url\":\"https:\\\/\\\/mosquee-angers.fr\\\/ar\\\/\",\"name\":\"Grande Mosqu\u00e9e d'Angers\",\"description\":\"\",\"publisher\":{\"@id\":\"https:\\\/\\\/mosquee-angers.fr\\\/ar\\\/#organization\"},\"potentialAction\":[{\"@type\":\"SearchAction\",\"target\":{\"@type\":\"EntryPoint\",\"urlTemplate\":\"https:\\\/\\\/mosquee-angers.fr\\\/ar\\\/?s={search_term_string}\"},\"query-input\":{\"@type\":\"PropertyValueSpecification\",\"valueRequired\":true,\"valueName\":\"search_term_string\"}}],\"inLanguage\":\"ar\"},{\"@type\":\"Organization\",\"@id\":\"https:\\\/\\\/mosquee-angers.fr\\\/ar\\\/#organization\",\"name\":\"Association des musulmans d\u2019Angers\",\"url\":\"https:\\\/\\\/mosquee-angers.fr\\\/ar\\\/\",\"logo\":{\"@type\":\"ImageObject\",\"inLanguage\":\"ar\",\"@id\":\"https:\\\/\\\/mosquee-angers.fr\\\/ar\\\/#\\\/schema\\\/logo\\\/image\\\/\",\"url\":\"https:\\\/\\\/mosquee-angers.fr\\\/wp-content\\\/uploads\\\/2023\\\/01\\\/new-Logo-Grande-mosquee-angers.png\",\"contentUrl\":\"https:\\\/\\\/mosquee-angers.fr\\\/wp-content\\\/uploads\\\/2023\\\/01\\\/new-Logo-Grande-mosquee-angers.png\",\"width\":228,\"height\":446,\"caption\":\"Association des musulmans d\u2019Angers\"},\"image\":{\"@id\":\"https:\\\/\\\/mosquee-angers.fr\\\/ar\\\/#\\\/schema\\\/logo\\\/image\\\/\"},\"sameAs\":[\"https:\\\/\\\/www.facebook.com\\\/MosqueeAngersAbouBakrEssediK\\\/\",\"https:\\\/\\\/www.instagram.com\\\/grandemosqueedangers\\\/\"]}]}<\/script>\n<!-- \/ Yoast SEO plugin. -->","yoast_head_json":{"title":"La pri\u00e8re - Grande Mosqu\u00e9e d&#039;Angers","robots":{"index":"index","follow":"follow","max-snippet":"max-snippet:-1","max-image-preview":"max-image-preview:large","max-video-preview":"max-video-preview:-1"},"canonical":"https:\/\/mosquee-angers.fr\/ar\/services\/un-service\/","og_locale":"ar_AR","og_type":"article","og_title":"La pri\u00e8re - Grande Mosqu\u00e9e d&#039;Angers","og_description":"\u00catre au service des autres est le devoir de tout musulman","og_url":"https:\/\/mosquee-angers.fr\/ar\/services\/un-service\/","og_site_name":"Grande Mosqu\u00e9e d&#039;Angers","article_publisher":"https:\/\/www.facebook.com\/MosqueeAngersAbouBakrEssediK\/","article_modified_time":"2022-02-07T11:18:55+00:00","og_image":[{"width":228,"height":446,"url":"https:\/\/mosquee-angers.fr\/wp-content\/uploads\/2023\/01\/new-Logo-Grande-mosquee-angers.png","type":"image\/png"}],"twitter_card":"summary_large_image","twitter_misc":{"\u0648\u0642\u062a \u0627\u0644\u0642\u0631\u0627\u0621\u0629 \u0627\u0644\u0645\u064f\u0642\u062f\u0651\u0631":"1 \u062f\u0642\u064a\u0642\u0629"},"schema":{"@context":"https:\/\/schema.org","@graph":[{"@type":"WebPage","@id":"https:\/\/mosquee-angers.fr\/ar\/services\/un-service\/","url":"https:\/\/mosquee-angers.fr\/ar\/services\/un-service\/","name":"La pri\u00e8re - Grande Mosqu\u00e9e d&#039;Angers","isPartOf":{"@id":"https:\/\/mosquee-angers.fr\/ar\/#website"},"datePublished":"2017-07-13T11:23:40+00:00","dateModified":"2022-02-07T11:18:55+00:00","breadcrumb":{"@id":"https:\/\/mosquee-angers.fr\/ar\/services\/un-service\/#breadcrumb"},"inLanguage":"ar","potentialAction":[{"@type":"ReadAction","target":["https:\/\/mosquee-angers.fr\/ar\/services\/un-service\/"]}]},{"@type":"BreadcrumbList","@id":"https:\/\/mosquee-angers.fr\/ar\/services\/un-service\/#breadcrumb","itemListElement":[{"@type":"ListItem","position":1,"name":"Accueil","item":"https:\/\/mosquee-angers.fr\/ar\/"},{"@type":"ListItem","position":2,"name":"Services","item":"https:\/\/mosquee-angers.fr\/ar\/services\/"},{"@type":"ListItem","position":3,"name":"La pri\u00e8re"}]},{"@type":"WebSite","@id":"https:\/\/mosquee-angers.fr\/ar\/#website","url":"https:\/\/mosquee-angers.fr\/ar\/","name":"Grande Mosqu\u00e9e d'Angers","description":"","publisher":{"@id":"https:\/\/mosquee-angers.fr\/ar\/#organization"},"potentialAction":[{"@type":"SearchAction","target":{"@type":"EntryPoint","urlTemplate":"https:\/\/mosquee-angers.fr\/ar\/?s={search_term_string}"},"query-input":{"@type":"PropertyValueSpecification","valueRequired":true,"valueName":"search_term_string"}}],"inLanguage":"ar"},{"@type":"Organization","@id":"https:\/\/mosquee-angers.fr\/ar\/#organization","name":"Association des musulmans d\u2019Angers","url":"https:\/\/mosquee-angers.fr\/ar\/","logo":{"@type":"ImageObject","inLanguage":"ar","@id":"https:\/\/mosquee-angers.fr\/ar\/#\/schema\/logo\/image\/","url":"https:\/\/mosquee-angers.fr\/wp-content\/uploads\/2023\/01\/new-Logo-Grande-mosquee-angers.png","contentUrl":"https:\/\/mosquee-angers.fr\/wp-content\/uploads\/2023\/01\/new-Logo-Grande-mosquee-angers.png","width":228,"height":446,"caption":"Association des musulmans d\u2019Angers"},"image":{"@id":"https:\/\/mosquee-angers.fr\/ar\/#\/schema\/logo\/image\/"},"sameAs":["https:\/\/www.facebook.com\/MosqueeAngersAbouBakrEssediK\/","https:\/\/www.instagram.com\/grandemosqueedangers\/"]}]}},"_links":{"self":[{"href":"https:\/\/mosquee-angers.fr\/ar\/wp-json\/wp\/v2\/cpt_services\/364","targetHints":{"allow":["GET"]}}],"collection":[{"href":"https:\/\/mosquee-angers.fr\/ar\/wp-json\/wp\/v2\/cpt_services"}],"about":[{"href":"https:\/\/mosquee-angers.fr\/ar\/wp-json\/wp\/v2\/types\/cpt_services"}],"author":[{"embeddable":true,"href":"https:\/\/mosquee-angers.fr\/ar\/wp-json\/wp\/v2\/users\/1"}],"replies":[{"embeddable":true,"href":"https:\/\/mosquee-angers.fr\/ar\/wp-json\/wp\/v2\/comments?post=364"}],"wp:attachment":[{"href":"https:\/\/mosquee-angers.fr\/ar\/wp-json\/wp\/v2\/media?parent=364"}],"curies":[{"name":"wp","href":"https:\/\/api.w.org\/{rel}","templated":true}]}}